{"id":9714,"date":"2023-10-30T12:57:46","date_gmt":"2023-10-30T11:57:46","guid":{"rendered":"https:\/\/calmastudio.com\/?page_id=9714"},"modified":"2026-04-22T00:12:00","modified_gmt":"2026-04-21T22:12:00","slug":"planning","status":"publish","type":"page","link":"https:\/\/calmastudio.com\/fr\/booking\/planning\/","title":{"rendered":"Planning"},"content":{"rendered":"\t\t<div data-elementor-type=\"wp-page\" data-elementor-id=\"9714\" class=\"elementor elementor-9714\">\n\t\t\t\t<div class=\"elementor-element elementor-element-3e7430e e-flex e-con-boxed wpr-particle-no wpr-jarallax-no wpr-parallax-no wpr-sticky-section-no wpr-equal-height-no e-con e-parent\" data-id=\"3e7430e\" data-element_type=\"container\" data-e-type=\"container\" data-settings=\"{&quot;background_background&quot;:&quot;classic&quot;,&quot;sticky_logo_enable&quot;:&quot;no&quot;}\">\n\t\t\t\t\t<div class=\"e-con-inner\">\n\t\t<div class=\"elementor-element elementor-element-2cad0ac e-con-full e-flex wpr-particle-no wpr-jarallax-no wpr-parallax-no wpr-sticky-section-no wpr-equal-height-no e-con e-child\" data-id=\"2cad0ac\" data-element_type=\"container\" data-e-type=\"container\" data-settings=\"{&quot;sticky_logo_enable&quot;:&quot;no&quot;}\">\n\t\t\t\t<div class=\"elementor-element elementor-element-1d49a40 sticky-heading-prefixstyle elementor-widget elementor-widget-heading\" data-id=\"1d49a40\" data-element_type=\"widget\" data-e-type=\"widget\" data-widget_type=\"heading.default\">\n\t\t\t\t\t<h1 class=\"elementor-heading-title elementor-size-default\">NOTRE PLANNING<\/h1>\t\t\t\t<\/div>\n\t\t\t\t<\/div>\n\t\t\t\t\t<\/div>\n\t\t\t\t<\/div>\n\t\t<div class=\"elementor-element elementor-element-9be5d71 e-flex e-con-boxed wpr-particle-no wpr-jarallax-no wpr-parallax-no wpr-sticky-section-no wpr-equal-height-no e-con e-parent\" data-id=\"9be5d71\" data-element_type=\"container\" data-e-type=\"container\" data-settings=\"{&quot;background_background&quot;:&quot;classic&quot;,&quot;sticky_logo_enable&quot;:&quot;no&quot;}\">\n\t\t\t\t\t<div class=\"e-con-inner\">\n\t\t<div class=\"elementor-element elementor-element-96037de e-con-full e-flex wpr-particle-no wpr-jarallax-no wpr-parallax-no wpr-sticky-section-no wpr-equal-height-no e-con e-child\" data-id=\"96037de\" data-element_type=\"container\" data-e-type=\"container\" data-settings=\"{&quot;sticky_logo_enable&quot;:&quot;no&quot;}\">\n\t\t\t\t<div class=\"elementor-element elementor-element-1f4c090 sticky-heading-prefixstyle elementor-widget elementor-widget-heading\" data-id=\"1f4c090\" data-element_type=\"widget\" data-e-type=\"widget\" data-widget_type=\"heading.default\">\n\t\t\t\t\t<h4 class=\"elementor-heading-title elementor-size-default\">Cours collectifs<\/h4>\t\t\t\t<\/div>\n\t\t\t\t<div class=\"elementor-element elementor-element-9ddf718 elementor-align-center left-float-btn sticky-button-prefixstyle elementor-widget elementor-widget-button\" data-id=\"9ddf718\" data-element_type=\"widget\" data-e-type=\"widget\" data-widget_type=\"button.default\">\n\t\t\t\t\t\t\t\t\t\t<a class=\"elementor-button elementor-button-link elementor-size-sm\" href=\"\/booking\/cours-pilates\/\">\n\t\t\t\t\t\t<span class=\"elementor-button-content-wrapper\">\n\t\t\t\t\t\t\t\t\t<span class=\"elementor-button-text\">R\u00c9SERVEZ VOS COURS<\/span>\n\t\t\t\t\t<\/span>\n\t\t\t\t\t<\/a>\n\t\t\t\t\t\t\t\t<\/div>\n\t\t\t\t<div class=\"elementor-element elementor-element-6fd4f62 sticky-heading-prefixstyle elementor-widget elementor-widget-heading\" data-id=\"6fd4f62\" data-element_type=\"widget\" data-e-type=\"widget\" data-widget_type=\"heading.default\">\n\t\t\t\t\t<h3 class=\"elementor-heading-title elementor-size-default\">NOTE IMPORTANTE<\/h3>\t\t\t\t<\/div>\n\t\t\t\t<div class=\"elementor-element elementor-element-a8115ce elementor-widget__width-initial elementor-widget elementor-widget-text-editor\" data-id=\"a8115ce\" data-element_type=\"widget\" data-e-type=\"widget\" data-widget_type=\"text-editor.default\">\n\t\t\t\t\t\t\t\t\t<p style=\"text-align: center;\"><em>* Le cours pr\u00e9\/post natal sur appareils <\/em><em>est <strong>aussi<\/strong> ouvert aux \u00e9l\u00e8ves en dehors de maternit\u00e9 qui acceptent la possibilit\u00e9 de partager l&#8217;espace avec un b\u00e9b\u00e9.<\/em>\u00a0<\/p><p style=\"text-align: center;\"><em>*\u00a0 Tous les cours sur appareils, \u00e9tant personnalis\u00e9s, sont <strong>aussi<\/strong> ouverts aux femmes enceintes et mamans en post-natal (sans les b\u00e9b\u00e9s).<\/em><\/p>\t\t\t\t\t\t\t\t<\/div>\n\t\t\t\t<div class=\"elementor-element elementor-element-fc9c4f7 elementor-widget elementor-widget-text-editor\" data-id=\"fc9c4f7\" data-element_type=\"widget\" data-e-type=\"widget\" data-widget_type=\"text-editor.default\">\n\t\t\t\t\t\t\t\t\t<h2 style=\"text-align: center;\"><strong>Lundi<\/strong><\/h2><p style=\"text-align: center;\">8:30 \u2013 Pilates sur Appareils<\/p><p style=\"text-align: center;\">9:45 \u2013 Pilates sur Appareils<\/p><p style=\"text-align: center;\">12:15 &#8211; Pilates sur Tapis <strong>Pr\u00e9 &amp; Post Natal\u00a0<\/strong> (b\u00e9b\u00e9s bienvenues)<\/p><p style=\"text-align: center;\">18:00- Pilates sur Tapis<\/p><p style=\"text-align: center;\">19:15 &#8211; Pilates sur Appareils<\/p><h2 style=\"text-align: center;\"><strong>Mardi<\/strong><\/h2><p style=\"text-align: center;\">Accompagnement Doula sur RDV \/ Cercles \/ Ateliers<\/p><h2 style=\"text-align: center;\"><strong>Mercredi<\/strong><\/h2><p style=\"text-align: center;\">9:45 &#8211; Pilates sur Appareils<\/p><p style=\"text-align: center;\">11:00 &#8211; Pilates sur Appareils <strong>Seniors (ouvert \u00e0 toutes)<\/strong><\/p><p style=\"text-align: center;\">12:15 &#8211; Pilates sur Appareils <strong>Pr\u00e9 &amp; Post Natal (ouvert \u00e0 toutes)\u00a0<\/strong> (b\u00e9b\u00e9s bienvenues) *<\/p><h2 style=\"text-align: center;\"><strong>Jeudi<\/strong><\/h2><p style=\"text-align: center;\">8:30 &#8211; Pilates sur Appareils<\/p><p style=\"text-align: center;\">9:45 \u2013 Pilates sur Appareils<\/p><p style=\"text-align: center;\">12:00 &#8211; Pilates Pr\u00e9natal @Clinique Belharra<\/p><p style=\"text-align: center;\">14:00 &#8211; Ateliers @Clinique Belharra<\/p><p style=\"text-align: center;\">19:15 \u2013 Pilates sur Tapis<\/p><h2 style=\"text-align: center;\"><strong>Vendredi<\/strong><\/h2><p style=\"text-align: center;\">8:30 &#8211; Pilates sur Appareils<\/p><p style=\"text-align: center;\">9:45 \u2013 Pilates sur Appareils<\/p><p style=\"text-align: center;\">12:15 &#8211; Pilates sur Tapis\u00a0<\/p>\t\t\t\t\t\t\t\t<\/div>\n\t\t\t\t<div class=\"elementor-element elementor-element-cd98c71 elementor-widget-divider--view-line_icon elementor-view-default elementor-widget-divider--element-align-center elementor-widget elementor-widget-divider\" data-id=\"cd98c71\" data-element_type=\"widget\" data-e-type=\"widget\" data-widget_type=\"divider.default\">\n\t\t\t\t\t\t\t<div class=\"elementor-divider\">\n\t\t\t<span class=\"elementor-divider-separator\">\n\t\t\t\t\t\t\t<div class=\"elementor-icon elementor-divider__element\">\n\t\t\t\t\t<i aria-hidden=\"true\" class=\"far fa-circle\"><\/i><\/div>\n\t\t\t\t\t\t<\/span>\n\t\t<\/div>\n\t\t\t\t\t\t<\/div>\n\t\t\t\t<\/div>\n\t\t\t\t\t<\/div>\n\t\t\t\t<\/div>\n\t\t<div class=\"elementor-element elementor-element-0653ccc e-flex e-con-boxed wpr-particle-no wpr-jarallax-no wpr-parallax-no wpr-sticky-section-no wpr-equal-height-no e-con e-parent\" data-id=\"0653ccc\" data-element_type=\"container\" data-e-type=\"container\" data-settings=\"{&quot;background_background&quot;:&quot;classic&quot;,&quot;sticky_logo_enable&quot;:&quot;no&quot;}\">\n\t\t\t\t\t<div class=\"e-con-inner\">\n\t\t<div class=\"elementor-element elementor-element-8b765b3 e-con-full e-flex wpr-particle-no wpr-jarallax-no wpr-parallax-no wpr-sticky-section-no wpr-equal-height-no e-con e-child\" data-id=\"8b765b3\" data-element_type=\"container\" data-e-type=\"container\" data-settings=\"{&quot;sticky_logo_enable&quot;:&quot;no&quot;}\">\n\t\t\t\t<div class=\"elementor-element elementor-element-1b2566d sticky-heading-prefixstyle elementor-widget elementor-widget-heading\" data-id=\"1b2566d\" data-element_type=\"widget\" data-e-type=\"widget\" data-widget_type=\"heading.default\">\n\t\t\t\t\t<h3 class=\"elementor-heading-title elementor-size-default\">Les \u00e9v\u00e8nements Calma \u00e0 venir<\/h3>\t\t\t\t<\/div>\n\t\t\t\t<div class=\"elementor-element elementor-element-ea5fc73 elementor-widget elementor-widget-text-editor\" data-id=\"ea5fc73\" data-element_type=\"widget\" data-e-type=\"widget\" data-widget_type=\"text-editor.default\">\n\t\t\t\t\t\t\t\t\t<p>Consultez nos prochains Cercles et Ateliers.<\/p>\t\t\t\t\t\t\t\t<\/div>\n\t\t\t\t<div class=\"elementor-element elementor-element-8cec601 elementor-widget__width-inherit elementor-widget elementor-widget-ameliaeventslistbooking\" data-id=\"8cec601\" data-element_type=\"widget\" data-e-type=\"widget\" data-widget_type=\"ameliaeventslistbooking.default\">\n\t\t\t\t<div class=\"elementor-widget-container\">\n\t\t\t\t\t<script data-jetpack-boost=\"ignore\">\n  if (typeof hasAmeliaEvent === 'undefined') {\n    var hasAmeliaEvent = true;\n  }\n  if (typeof hasEventApiCall === 'undefined' && ('' === '' && '' !== '1')) {\n    var hasEventApiCall = true;\n  }\n  var hasEventShortcode = (typeof hasEventShortcode === 'undefined') ? false : true;\n  var ameliaShortcodeData = (typeof ameliaShortcodeData === 'undefined') ? [] : ameliaShortcodeData;\n  ameliaShortcodeData.push(\n    {\n      'hasApiCall': (typeof hasEventApiCall !== 'undefined') && hasEventApiCall,\n      'trigger': '',\n      'trigger_type': '',\n      'triggered_form': 'elf',\n      'in_dialog': '',\n      'counter': '1000',\n      'employee': '',\n      'eventId': '',\n      'eventRecurring': 0,\n      'eventTag': \"\",\n      'locationId': \"\",\n      'range': \"\"\n    }\n  );\n  var ameliaShortcodeDataTriggered = (typeof ameliaShortcodeDataTriggered === 'undefined') ? [] : ameliaShortcodeDataTriggered;\n  if (ameliaShortcodeData[ameliaShortcodeData.length - 1].trigger !== '') {\n    if (ameliaShortcodeDataTriggered.filter(a => a.counter === ameliaShortcodeData[ameliaShortcodeData.length - 1].counter).length === 0) {\n      ameliaShortcodeDataTriggered.push(ameliaShortcodeData.pop());\n    } else {\n      ameliaShortcodeData.pop()\n    }\n  }\n  if (typeof hasEventApiCall !== 'undefined' && hasEventApiCall) {\n    hasEventApiCall = false;\n  }\n<\/script>\n\n<div\n  id=\"amelia-v2-booking-1000\"\n  class=\"amelia-v2-booking\"\n>\n    <events-list-form-wrapper><\/div>\n\t\t\t\t<\/div>\n\t\t\t\t<\/div>\n\t\t\t\t<\/div>\n\t\t\t\t\t<\/div>\n\t\t\t\t<\/div>\n\t\t\t\t<\/div>\n\t\t","protected":false},"excerpt":{"rendered":"<p>NOTRE PLANNING Cours collectifs R\u00c9SERVEZ VOS COURS NOTE IMPORTANTE * Le cours pr\u00e9\/post natal sur appareils est aussi ouvert aux \u00e9l\u00e8ves en dehors de maternit\u00e9 qui acceptent la possibilit\u00e9 de partager l&#8217;espace avec un b\u00e9b\u00e9.\u00a0 *\u00a0 Tous les cours sur appareils, \u00e9tant personnalis\u00e9s, sont aussi ouverts aux femmes enceintes et mamans en post-natal (sans les b\u00e9b\u00e9s). Lundi 8:30 \u2013 Pilates sur Appareils 9:45 \u2013 Pilates sur Appareils 12:15 &#8211; Pilates sur Tapis Pr\u00e9 &amp; Post Natal\u00a0 (b\u00e9b\u00e9s bienvenues) 18:00- Pilates sur Tapis 19:15 &#8211; Pilates sur Appareils Mardi Accompagnement Doula sur RDV \/ Cercles \/ Ateliers Mercredi 9:45 &#8211; Pilates sur Appareils 11:00 &#8211; Pilates sur Appareils Seniors (ouvert \u00e0 toutes) 12:15 &#8211; Pilates sur Appareils Pr\u00e9 &amp; Post Natal (ouvert \u00e0 toutes)\u00a0 (b\u00e9b\u00e9s bienvenues) * Jeudi 8:30 &#8211; Pilates sur Appareils 9:45 \u2013 Pilates sur Appareils 12:00 &#8211; Pilates Pr\u00e9natal @Clinique Belharra 14:00 &#8211; Ateliers @Clinique Belharra 19:15 \u2013 Pilates sur Tapis Vendredi 8:30 &#8211; Pilates sur Appareils 9:45 \u2013 Pilates sur Appareils 12:15 &#8211; Pilates sur Tapis\u00a0 Les \u00e9v\u00e8nements Calma \u00e0 venir Consultez nos prochains Cercles et Ateliers.<\/p>\n","protected":false},"author":2,"featured_media":0,"parent":3275,"menu_order":0,"comment_status":"closed","ping_status":"closed","template":"elementor_header_footer","meta":{"om_disable_all_campaigns":false,"_monsterinsights_skip_tracking":false,"_monsterinsights_sitenote_active":false,"_monsterinsights_sitenote_note":"","_monsterinsights_sitenote_category":0,"_uf_show_specific_survey":0,"_uf_disable_surveys":false,"footnotes":""},"class_list":["post-9714","page","type-page","status-publish","hentry"],"aioseo_notices":[],"_links":{"self":[{"href":"https:\/\/calmastudio.com\/fr\/wp-json\/wp\/v2\/pages\/9714","targetHints":{"allow":["GET"]}}],"collection":[{"href":"https:\/\/calmastudio.com\/fr\/wp-json\/wp\/v2\/pages"}],"about":[{"href":"https:\/\/calmastudio.com\/fr\/wp-json\/wp\/v2\/types\/page"}],"author":[{"embeddable":true,"href":"https:\/\/calmastudio.com\/fr\/wp-json\/wp\/v2\/users\/2"}],"replies":[{"embeddable":true,"href":"https:\/\/calmastudio.com\/fr\/wp-json\/wp\/v2\/comments?post=9714"}],"version-history":[{"count":211,"href":"https:\/\/calmastudio.com\/fr\/wp-json\/wp\/v2\/pages\/9714\/revisions"}],"predecessor-version":[{"id":15893,"href":"https:\/\/calmastudio.com\/fr\/wp-json\/wp\/v2\/pages\/9714\/revisions\/15893"}],"up":[{"embeddable":true,"href":"https:\/\/calmastudio.com\/fr\/wp-json\/wp\/v2\/pages\/3275"}],"wp:attachment":[{"href":"https:\/\/calmastudio.com\/fr\/wp-json\/wp\/v2\/media?parent=9714"}],"curies":[{"name":"wp","href":"https:\/\/api.w.org\/{rel}","templated":true}]}}