{"id":160,"date":"2020-08-06T15:34:18","date_gmt":"2020-08-06T15:34:18","guid":{"rendered":"https:\/\/calmastudio.com\/?page_id=160"},"modified":"2026-04-30T00:25:42","modified_gmt":"2026-04-29T22:25:42","slug":"equipe","status":"publish","type":"page","link":"https:\/\/calmastudio.com\/fr\/equipe\/","title":{"rendered":"L&#8217;\u00c9quipe"},"content":{"rendered":"\t\t<div data-elementor-type=\"wp-page\" data-elementor-id=\"160\" class=\"elementor elementor-160\">\n\t\t\t\t<div class=\"elementor-element elementor-element-423291e e-flex e-con-boxed wpr-particle-no wpr-jarallax-no wpr-parallax-no wpr-sticky-section-no wpr-equal-height-no e-con e-parent\" data-id=\"423291e\" data-element_type=\"container\" data-e-type=\"container\" data-settings=\"{&quot;sticky_logo_enable&quot;:&quot;no&quot;}\">\n\t\t\t\t\t<div class=\"e-con-inner\">\n\t\t\t\t<div class=\"elementor-element elementor-element-ce8afab sticky-heading-prefixstyle elementor-widget elementor-widget-heading\" data-id=\"ce8afab\" data-element_type=\"widget\" data-e-type=\"widget\" data-widget_type=\"heading.default\">\n\t\t\t\t\t<h1 class=\"elementor-heading-title elementor-size-default\">L'\u00c9QUIPE<\/h1>\t\t\t\t<\/div>\n\t\t\t\t\t<\/div>\n\t\t\t\t<\/div>\n\t\t<div class=\"elementor-element elementor-element-c1c039d e-flex e-con-boxed wpr-particle-no wpr-jarallax-no wpr-parallax-no wpr-sticky-section-no wpr-equal-height-no e-con e-parent\" data-id=\"c1c039d\" data-element_type=\"container\" data-e-type=\"container\" data-settings=\"{&quot;background_background&quot;:&quot;classic&quot;,&quot;sticky_logo_enable&quot;:&quot;no&quot;}\">\n\t\t\t\t\t<div class=\"e-con-inner\">\n\t\t<div class=\"elementor-element elementor-element-4cce94c e-con-full e-flex wpr-particle-no wpr-jarallax-no wpr-parallax-no wpr-sticky-section-no wpr-equal-height-no e-con e-child\" data-id=\"4cce94c\" data-element_type=\"container\" data-e-type=\"container\" data-settings=\"{&quot;sticky_logo_enable&quot;:&quot;no&quot;}\">\n\t\t\t\t<div class=\"elementor-element elementor-element-b9ab6e0 elementor-hidden-mobile animated-fast elementor-invisible elementor-widget elementor-widget-image\" data-id=\"b9ab6e0\" data-element_type=\"widget\" data-e-type=\"widget\" data-settings=\"{&quot;_animation&quot;:&quot;fadeIn&quot;}\" data-widget_type=\"image.default\">\n\t\t\t\t\t\t\t\t\t\t\t\t\t\t\t<img fetchpriority=\"high\" decoding=\"async\" width=\"675\" height=\"900\" src=\"https:\/\/i0.wp.com\/calmastudio.com\/wp-content\/uploads\/2020\/11\/B0005232-Modifier.jpg?fit=675%2C900&amp;ssl=1\" class=\"attachment-full size-full wp-image-1057\" alt=\"\" srcset=\"https:\/\/i0.wp.com\/calmastudio.com\/wp-content\/uploads\/2020\/11\/B0005232-Modifier.jpg?w=675&amp;ssl=1 675w, https:\/\/i0.wp.com\/calmastudio.com\/wp-content\/uploads\/2020\/11\/B0005232-Modifier.jpg?resize=225%2C300&amp;ssl=1 225w\" sizes=\"(max-width: 675px) 100vw, 675px\" \/>\t\t\t\t\t\t\t\t\t\t\t\t\t\t\t<\/div>\n\t\t\t\t<\/div>\n\t\t<div class=\"elementor-element elementor-element-5f379a8 e-con-full e-flex wpr-particle-no wpr-jarallax-no wpr-parallax-no wpr-sticky-section-no wpr-equal-height-no e-con e-child\" data-id=\"5f379a8\" data-element_type=\"container\" data-e-type=\"container\" data-settings=\"{&quot;sticky_logo_enable&quot;:&quot;no&quot;}\">\n\t\t\t\t<div class=\"elementor-element elementor-element-3645c28 sticky-heading-prefixstyle elementor-widget elementor-widget-heading\" data-id=\"3645c28\" data-element_type=\"widget\" data-e-type=\"widget\" data-widget_type=\"heading.default\">\n\t\t\t\t\t<h3 class=\"elementor-heading-title elementor-size-default\">MONIKA<\/h3>\t\t\t\t<\/div>\n\t\t\t\t<div class=\"elementor-element elementor-element-551e4af elementor-widget elementor-widget-text-editor\" data-id=\"551e4af\" data-element_type=\"widget\" data-e-type=\"widget\" data-widget_type=\"text-editor.default\">\n\t\t\t\t\t\t\t\t\t<p data-start=\"0\" data-end=\"41\">Fondatrice de Calma Studio.<\/p><p>D\u2019origine polonaise, elle a \u00e9t\u00e9 profond\u00e9ment marqu\u00e9e par ses quinze ann\u00e9es pass\u00e9es \u00e0 Rio de Janeiro, o\u00f9 elle a \u00e9tudi\u00e9 la danse contemporaine et la th\u00e9rapie par le mouvement. Elle s\u2019est \u00e9galement form\u00e9e au Pilates et y a ouvert son premier studio en 2014.<\/p><p>Toujours \u00e0 Rio, anim\u00e9e par le d\u00e9sir d\u2019accompagner plus finement les femmes enceintes, elle a suivi une formation de doula. Elle s\u2019est sp\u00e9cialis\u00e9e en Pilates pr\u00e9natal et a d\u00e9velopp\u00e9 une approche globale de la pr\u00e9paration \u00e0 l\u2019accouchement, int\u00e9grant le corps, la respiration et la dimension \u00e9motionnelle de cette transition. Elle a ainsi commenc\u00e9 \u00e0 accompagner les femmes dans ce passage essentiel avec une vision profond\u00e9ment holistique.<\/p><p>En 2018, elle s\u2019installe en France et fonde le concept de Calma Studio, une approche du mouvement et de l\u2019accompagnement f\u00e9minin bas\u00e9e sur le Pilates et le bien-\u00eatre global. Elle ouvre son studio en septembre 2023, poursuivant sa mission d\u2019accompagnement des femmes \u00e0 travers le mouvement conscient et la reconnexion \u00e0 soi.<\/p>\t\t\t\t\t\t\t\t<\/div>\n\t\t\t\t<\/div>\n\t\t\t\t\t<\/div>\n\t\t\t\t<\/div>\n\t\t<div class=\"elementor-element elementor-element-ae0d8c0 e-con-full e-flex wpr-particle-no wpr-jarallax-no wpr-parallax-no wpr-sticky-section-no wpr-equal-height-no e-con e-parent\" data-id=\"ae0d8c0\" data-element_type=\"container\" data-e-type=\"container\" data-settings=\"{&quot;sticky_logo_enable&quot;:&quot;no&quot;}\">\n\t\t<div class=\"elementor-element elementor-element-200f00f e-con-full e-flex wpr-particle-no wpr-jarallax-no wpr-parallax-no wpr-sticky-section-no wpr-equal-height-no e-con e-child\" data-id=\"200f00f\" data-element_type=\"container\" data-e-type=\"container\" data-settings=\"{&quot;background_background&quot;:&quot;classic&quot;,&quot;sticky_logo_enable&quot;:&quot;no&quot;}\">\n\t\t<div class=\"elementor-element elementor-element-26174df e-con-full e-flex wpr-particle-no wpr-jarallax-no wpr-parallax-no wpr-sticky-section-no wpr-equal-height-no e-con e-child\" data-id=\"26174df\" data-element_type=\"container\" data-e-type=\"container\" data-settings=\"{&quot;background_background&quot;:&quot;classic&quot;,&quot;sticky_logo_enable&quot;:&quot;no&quot;}\">\n\t\t\t\t<div class=\"elementor-element elementor-element-4f21a5f elementor-widget elementor-widget-menu-anchor\" data-id=\"4f21a5f\" data-element_type=\"widget\" data-e-type=\"widget\" data-widget_type=\"menu-anchor.default\">\n\t\t\t\t\t\t\t<div class=\"elementor-menu-anchor\" id=\"histoire\"><\/div>\n\t\t\t\t\t\t<\/div>\n\t\t\t\t<div class=\"elementor-element elementor-element-dc8cf86 elementor-widget__width-inherit sticky-heading-prefixstyle elementor-widget elementor-widget-heading\" data-id=\"dc8cf86\" data-element_type=\"widget\" data-e-type=\"widget\" data-widget_type=\"heading.default\">\n\t\t\t\t\t<h1 class=\"elementor-heading-title elementor-size-default\">L'HISTOIRE DE CALMA<\/h1>\t\t\t\t<\/div>\n\t\t\t\t<div class=\"elementor-element elementor-element-b0d9054 elementor-widget__width-inherit sticky-heading-prefixstyle elementor-widget elementor-widget-heading\" data-id=\"b0d9054\" data-element_type=\"widget\" data-e-type=\"widget\" data-widget_type=\"heading.default\">\n\t\t\t\t\t<h4 class=\"elementor-heading-title elementor-size-default\">Invite \u00e0 la conscience, \u00e0 la joie, au plaisir et au mouvement<\/h4>\t\t\t\t<\/div>\n\t\t\t\t<\/div>\n\t\t\t\t<\/div>\n\t\t\t\t<\/div>\n\t\t<div class=\"elementor-element elementor-element-f6c28ce e-con-full e-flex wpr-particle-no wpr-jarallax-no wpr-parallax-no wpr-sticky-section-no wpr-equal-height-no e-con e-parent\" data-id=\"f6c28ce\" data-element_type=\"container\" data-e-type=\"container\" data-settings=\"{&quot;background_background&quot;:&quot;classic&quot;,&quot;sticky_logo_enable&quot;:&quot;no&quot;}\">\n\t\t<div class=\"elementor-element elementor-element-f42035f e-con-full e-flex wpr-particle-no wpr-jarallax-no wpr-parallax-no wpr-sticky-section-no wpr-equal-height-no e-con e-child\" data-id=\"f42035f\" data-element_type=\"container\" data-e-type=\"container\" data-settings=\"{&quot;background_background&quot;:&quot;classic&quot;,&quot;sticky_logo_enable&quot;:&quot;no&quot;}\">\n\t\t<div class=\"elementor-element elementor-element-6cf7977 e-con-full e-flex wpr-particle-no wpr-jarallax-no wpr-parallax-no wpr-sticky-section-no wpr-equal-height-no e-con e-child\" data-id=\"6cf7977\" data-element_type=\"container\" data-e-type=\"container\" data-settings=\"{&quot;sticky_logo_enable&quot;:&quot;no&quot;}\">\n\t\t\t\t<div class=\"elementor-element elementor-element-393aec6 elementor-widget__width-initial elementor-widget elementor-widget-text-editor\" data-id=\"393aec6\" data-element_type=\"widget\" data-e-type=\"widget\" data-widget_type=\"text-editor.default\">\n\t\t\t\t\t\t\t\t\t<h3>Fond Tropical<\/h3><p>Avant de m&#8217;installer en France et de cr\u00e9er CALMA Studio, j&#8217;ai \u00e9tudi\u00e9 et donn\u00e9 des cours de Pilates \u00e0 Rio de Janeiro, au Br\u00e9sil, pendant plus d&#8217;une d\u00e9cennie \u00e0 des hommes et des femmes, sans trop r\u00e9fl\u00e9chir aux concepts. Mon travail \u00e9tait une fusion de M\u00e9thode Pilates et de conscience corporelle et\u00a0 th\u00e9rapeutique avec une touche d\u2019expression dans\u00e9e. Il a \u00e9galement \u00e9t\u00e9 marqu\u00e9e par une bonne dose de joie et de plaisir, si inh\u00e9rente \u00e0 la culture br\u00e9silienne.<\/p><h3>La F\u00e9minit\u00e9<\/h3><p>Toujours \u00e0 Rio, je suis devenue doula et j&#8217;ai \u00e9largi mon parcours professionnel en cr\u00e9ant des cours pour les femmes enceintes. Lorsque je suis devenue m\u00e8re, j&#8217;ai d\u00e9velopp\u00e9 des cours de pr\u00e9paration \u00e0 la naissance et post-partum. Face \u00e0 mes nouveaux r\u00f4les et responsabilit\u00e9s, je me suis beaucoup int\u00e9ress\u00e9e et impliqu\u00e9e dans la complexit\u00e9 de la nature feminine. J&#8217;ai ressenti le d\u00e9sir de soutenir moi-m\u00eame et les autres femmes. C\u2019est pourquoi j\u2019ai commenc\u00e9 \u00e0 organiser des cercles de femmes.<\/p><h3>La Nature Cyclique<\/h3><p>La vie de la femme est marqu\u00e9e par la pr\u00e9sence ou l\u2019absence de r\u00e8gles qui marquent les passages f\u00e9minins et les phases sp\u00e9cifiques de la vie. En connaissant intimement mes \u00e9tudiantes et moi-m\u00eame, je suis devenue plus consciente de nos sch\u00e9mas cycliques. J&#8217;ai remarqu\u00e9 que mes cours \u00e9taient diff\u00e9rents en fonction de mon propre cycle et de mon niveau d&#8217;\u00e9nergie. En travaillant avec les m\u00eames femmes pendant de nombreuses ann\u00e9es, j&#8217;ai \u00e9galement pu percevoir les changements dans leur humeur et leur \u00e9nergie. Certaines manquaient toujours un cours pendant leurs r\u00e8gles. D\u2019autres ont disparu m\u00eame avant, confront\u00e9s \u00e0 un manque d\u2019\u00e9nergie et de tension globale, puis sont r\u00e9apparus pour red\u00e9marrer.<\/p><h3>R\u00e9flexion<\/h3><p>Apr\u00e8s avoir d\u00e9m\u00e9nag\u00e9 en France et \u00eatre devenue maman pour la deuxi\u00e8me fois, j&#8217;ai profit\u00e9 de l&#8217;opportunit\u00e9 et du temps pour red\u00e9finir mon travail. Je me suis retrouv\u00e9e \u00e0 la recherche d\u2019une approche diff\u00e9rente, centr\u00e9e sur la femme, la nature cyclique et qui soutiendrait les femmes dans chaque phase de leur vie.\u00a0<\/p><h3>Cr\u00e9ation Du Concept CALMA<\/h3><div>Dans ma vie bien remplie et aux multiples r\u00f4les, je me suis retrouv\u00e9 \u00e0 dire\u00a0<em>calma<\/em> presque tous les autres mots, pour moi-m\u00eame, mes enfants et mon partenaire. Comme un mantra, c&#8217;\u00e9tait un appel inconscient \u00e0 la pause, au soulagement et au silence.<\/div><div><p>En portugais calma est synonyme de calme, de tranquillit\u00e9 et de s\u00e9r\u00e9nit\u00e9. J&#8217;ai r\u00e9alis\u00e9 que ce mot incarne ma recherche \u2013 un antidotum aux pressions du style de vie moderne. Nous avons besoin de <em>calma<\/em> pour donner une pause \u00e0 nos vies stressantes et surcharg\u00e9es. Nous avons \u00e9galement besoin de <em>calma<\/em> pour aborder notre entra\u00eenement en respectant notre nature cyclique et en pr\u00e9servant notre f\u00e9minit\u00e9.<\/p><\/div><h3>Philosophie CALMA<\/h3><div>CALMA repr\u00e9sente toutes les mots qui ont toujours \u00e9t\u00e9 importantes dans mon travail : la connexion, l&#8217;acceptance, l&#8217;amour de soi, la pleine conscience, la conscience corporelle, le centrage, l&#8217;alignement, le mouvement et l&#8217;agilit\u00e9.<\/div><div>\u00a0<\/div><div>CALMA invite les femmes \u00e0 abandonner la r\u00e9p\u00e9tition automatique et les mod\u00e8les masculins de comp\u00e9tition avec nous-m\u00eames et avec les autres. Elle souligne l\u2019amour-propre et l\u2019acceptation de soi pour faire face aux pressions de la soci\u00e9t\u00e9. Elle invite \u00e0 la conscience, \u00e0 la joie, au plaisir et au mouvement.<\/div>\t\t\t\t\t\t\t\t<\/div>\n\t\t\t\t<\/div>\n\t\t\t\t<\/div>\n\t\t\t\t<\/div>\n\t\t\t\t<\/div>\n\t\t","protected":false},"excerpt":{"rendered":"<p>L&#8217;\u00c9QUIPE MONIKA Fondatrice de Calma Studio. D\u2019origine polonaise, elle a \u00e9t\u00e9 profond\u00e9ment marqu\u00e9e par ses quinze ann\u00e9es pass\u00e9es \u00e0 Rio de Janeiro, o\u00f9 elle a \u00e9tudi\u00e9 la danse contemporaine et la th\u00e9rapie par le mouvement. Elle s\u2019est \u00e9galement form\u00e9e au Pilates et y a ouvert son premier studio en 2014. Toujours \u00e0 Rio, anim\u00e9e par le d\u00e9sir d\u2019accompagner plus finement les femmes enceintes, elle a suivi une formation de doula. Elle s\u2019est sp\u00e9cialis\u00e9e en Pilates pr\u00e9natal et a d\u00e9velopp\u00e9 une approche globale de la pr\u00e9paration \u00e0 l\u2019accouchement, int\u00e9grant le corps, la respiration et la dimension \u00e9motionnelle de cette transition. Elle a ainsi commenc\u00e9 \u00e0 accompagner les femmes dans ce passage essentiel avec une vision profond\u00e9ment holistique. En 2018, elle s\u2019installe en France et fonde le concept de Calma Studio, une approche du mouvement et de l\u2019accompagnement f\u00e9minin bas\u00e9e sur le Pilates et le bien-\u00eatre global. Elle ouvre son studio en septembre 2023, poursuivant sa mission d\u2019accompagnement des femmes \u00e0 travers le mouvement conscient et la reconnexion \u00e0 soi. L&#8217;HISTOIRE DE CALMA Invite \u00e0 la conscience, \u00e0 la joie, au plaisir et au mouvement Fond Tropical Avant de m&#8217;installer en France et de cr\u00e9er CALMA Studio, j&#8217;ai \u00e9tudi\u00e9 et donn\u00e9 des cours de Pilates \u00e0 Rio de Janeiro, au Br\u00e9sil, pendant plus d&#8217;une d\u00e9cennie \u00e0 des hommes et des femmes, sans trop r\u00e9fl\u00e9chir aux concepts. Mon travail \u00e9tait une fusion de M\u00e9thode Pilates et de conscience corporelle et\u00a0 th\u00e9rapeutique avec une touche d\u2019expression dans\u00e9e. Il a \u00e9galement \u00e9t\u00e9 marqu\u00e9e par une bonne dose de joie et de plaisir, si inh\u00e9rente \u00e0 la culture br\u00e9silienne. La F\u00e9minit\u00e9 Toujours \u00e0 Rio, je suis devenue doula et j&#8217;ai \u00e9largi mon parcours professionnel en cr\u00e9ant des cours pour les femmes enceintes. Lorsque je suis devenue m\u00e8re, j&#8217;ai d\u00e9velopp\u00e9 des cours de pr\u00e9paration \u00e0 la naissance et post-partum. Face \u00e0 mes nouveaux r\u00f4les et responsabilit\u00e9s, je me suis beaucoup int\u00e9ress\u00e9e et impliqu\u00e9e dans la complexit\u00e9 de la nature feminine. J&#8217;ai ressenti le d\u00e9sir de soutenir moi-m\u00eame et les autres femmes. C\u2019est pourquoi j\u2019ai commenc\u00e9 \u00e0 organiser des cercles de femmes. La Nature Cyclique La vie de la femme est marqu\u00e9e par la pr\u00e9sence ou l\u2019absence de r\u00e8gles qui marquent les passages f\u00e9minins et les phases sp\u00e9cifiques de la vie. En connaissant intimement mes \u00e9tudiantes et moi-m\u00eame, je suis devenue plus consciente de nos sch\u00e9mas cycliques. J&#8217;ai remarqu\u00e9 que mes cours \u00e9taient diff\u00e9rents en fonction de mon propre cycle et de mon niveau d&#8217;\u00e9nergie. En travaillant avec les m\u00eames femmes pendant de nombreuses ann\u00e9es, j&#8217;ai \u00e9galement pu percevoir les changements dans leur humeur et leur \u00e9nergie. Certaines manquaient toujours un cours pendant leurs r\u00e8gles. D\u2019autres ont disparu m\u00eame avant, confront\u00e9s \u00e0 un manque d\u2019\u00e9nergie et de tension globale, puis sont r\u00e9apparus pour red\u00e9marrer. R\u00e9flexion Apr\u00e8s avoir d\u00e9m\u00e9nag\u00e9 en France et \u00eatre devenue maman pour la deuxi\u00e8me fois, j&#8217;ai profit\u00e9 de l&#8217;opportunit\u00e9 et du temps pour red\u00e9finir mon travail. Je me suis retrouv\u00e9e \u00e0 la recherche d\u2019une approche diff\u00e9rente, centr\u00e9e sur la femme, la nature cyclique et qui soutiendrait les femmes dans chaque phase de leur vie.\u00a0 Cr\u00e9ation Du Concept CALMA Dans ma vie bien remplie et aux multiples r\u00f4les, je me suis retrouv\u00e9 \u00e0 dire\u00a0calma presque tous les autres mots, pour moi-m\u00eame, mes enfants et mon partenaire. Comme un mantra, c&#8217;\u00e9tait un appel inconscient \u00e0 la pause, au soulagement et au silence. En portugais calma est synonyme de calme, de tranquillit\u00e9 et de s\u00e9r\u00e9nit\u00e9. J&#8217;ai r\u00e9alis\u00e9 que ce mot incarne ma recherche \u2013 un antidotum aux pressions du style de vie moderne. Nous avons besoin de calma pour donner une pause \u00e0 nos vies stressantes et surcharg\u00e9es. Nous avons \u00e9galement besoin de calma pour aborder notre entra\u00eenement en respectant notre nature cyclique et en pr\u00e9servant notre f\u00e9minit\u00e9. Philosophie CALMA CALMA repr\u00e9sente toutes les mots qui ont toujours \u00e9t\u00e9 importantes dans mon travail : la connexion, l&#8217;acceptance, l&#8217;amour de soi, la pleine conscience, la conscience corporelle, le centrage, l&#8217;alignement, le mouvement et l&#8217;agilit\u00e9.\u00a0CALMA invite les femmes \u00e0 abandonner la r\u00e9p\u00e9tition automatique et les mod\u00e8les masculins de comp\u00e9tition avec nous-m\u00eames et avec les autres. Elle souligne l\u2019amour-propre et l\u2019acceptation de soi pour faire face aux pressions de la soci\u00e9t\u00e9. Elle invite \u00e0 la conscience, \u00e0 la joie, au plaisir et au mouvement.<\/p>\n","protected":false},"author":1,"featured_media":0,"parent":0,"menu_order":0,"comment_status":"closed","ping_status":"closed","template":"elementor_header_footer","meta":{"om_disable_all_campaigns":false,"_monsterinsights_skip_tracking":false,"_monsterinsights_sitenote_active":false,"_monsterinsights_sitenote_note":"","_monsterinsights_sitenote_category":0,"_uf_show_specific_survey":0,"_uf_disable_surveys":false,"footnotes":""},"class_list":["post-160","page","type-page","status-publish","hentry"],"aioseo_notices":[],"_links":{"self":[{"href":"https:\/\/calmastudio.com\/fr\/wp-json\/wp\/v2\/pages\/160","targetHints":{"allow":["GET"]}}],"collection":[{"href":"https:\/\/calmastudio.com\/fr\/wp-json\/wp\/v2\/pages"}],"about":[{"href":"https:\/\/calmastudio.com\/fr\/wp-json\/wp\/v2\/types\/page"}],"author":[{"embeddable":true,"href":"https:\/\/calmastudio.com\/fr\/wp-json\/wp\/v2\/users\/1"}],"replies":[{"embeddable":true,"href":"https:\/\/calmastudio.com\/fr\/wp-json\/wp\/v2\/comments?post=160"}],"version-history":[{"count":299,"href":"https:\/\/calmastudio.com\/fr\/wp-json\/wp\/v2\/pages\/160\/revisions"}],"predecessor-version":[{"id":17831,"href":"https:\/\/calmastudio.com\/fr\/wp-json\/wp\/v2\/pages\/160\/revisions\/17831"}],"wp:attachment":[{"href":"https:\/\/calmastudio.com\/fr\/wp-json\/wp\/v2\/media?parent=160"}],"curies":[{"name":"wp","href":"https:\/\/api.w.org\/{rel}","templated":true}]}}